{"id":1728,"date":"2024-10-16T01:49:53","date_gmt":"2024-10-16T01:49:53","guid":{"rendered":"https:\/\/clinicasandiegocucuta.com\/SanDiego\/?page_id=1728"},"modified":"2024-10-16T02:05:19","modified_gmt":"2024-10-16T02:05:19","slug":"otorrinolaringologia","status":"publish","type":"page","link":"https:\/\/clinicasandiegocucuta.com\/SanDiego\/otorrinolaringologia\/","title":{"rendered":"Otorrinolaringolog\u00eda"},"content":{"rendered":"\n<!-- Secci\u00f3n de Otorrinolaringolog\u00eda - Cl\u00ednica de Oftalmolog\u00eda San Diego -->\n<div class=\"otorrino-section\">\n    <div class=\"container\">\n        <!-- T\u00edtulo de la secci\u00f3n -->\n        <div class=\"row\">\n            <div class=\"col-12\">\n                <h1 class=\"section-title text-center\" style=\"color:#007DBB;\">Otorrinolaringolog\u00eda<\/h1>\n            <\/div>\n        <\/div>\n\n        <!-- Informaci\u00f3n del Doctor -->\n        <div class=\"row doctor-info\">\n            <div class=\"col-md-6\">\n                <!-- Espacio para la foto del doctor -->\n                <img decoding=\"async\" data-src=\"https:\/\/clinicasandiegocucuta.com\/SanDiego\/wp-content\/uploads\/2022\/08\/otorrin-1024x896.jpg\" alt=\"Dr. Javier Giovanny Jim\u00e9nez\" class=\"img-fluid rounded lazyload\" src=\"data:image\/svg+xml;base64,PHN2ZyB3aWR0aD0iMSIgaGVpZ2h0PSIxIiB4bWxucz0iaHR0cDovL3d3dy53My5vcmcvMjAwMC9zdmciPjwvc3ZnPg==\" style=\"--smush-placeholder-width: 1024px; --smush-placeholder-aspect-ratio: 1024\/896;\">\n            <\/div>\n            <div class=\"col-md-6\">\n                <h2 style=\"color:#007DBB;\">Dr. Javier Giovanny Jim\u00e9nez<\/h2>\n                <p>&#x1f468;&#x200d;&#x2695;&#xfe0f; Especialista en Otorrinolaringolog\u00eda graduado de la Pontificia Universidad Javeriana, con entrenamiento adicional en Estados Unidos. Se dedica a prevenir, diagnosticar y tratar enfermedades del o\u00eddo, nariz y garganta. Forma parte de ACORL y la Sociedad Europea de Rinolog\u00eda. \u00a1Conf\u00eda en su experiencia para el cuidado de tu salud auditiva y respiratoria!<\/p>\n            <\/div>\n        <\/div>\n\n        <!-- Servicios de Otorrinolaringolog\u00eda -->\n        <div class=\"row mt-5\">\n            <div class=\"col-12\">\n                <h3 style=\"color:#40C0F0;\">Consulta y Cirug\u00eda de Otorrinolaringolog\u00eda<\/h3>\n                <ul class=\"list-group\">\n                    <li class=\"list-group-item\">&#x2705; Cirug\u00eda nasal funcional y endoscopias<\/li>\n                    <li class=\"list-group-item\">&#x2705; Diagn\u00f3sticos de voz y cirug\u00edas lar\u00edngeas<\/li>\n                    <li class=\"list-group-item\">&#x2705; Cirug\u00edas de o\u00eddo y implantes cocleares<\/li>\n                    <li class=\"list-group-item\">&#x2705; Nasosinuscopia<\/li>\n                    <li class=\"list-group-item\">&#x2705; Estroboscopia lar\u00edngea<\/li>\n                <\/ul>\n            <\/div>\n        <\/div>\n\n        <!-- Ayudas Diagn\u00f3sticas -->\n        <div class=\"row mt-5\">\n            <div class=\"col-md-4\">\n                <div class=\"diagnostic-item p-4\" style=\"background-color: #e5f8ff; border-left: 5px solid #40C0F0;\">\n                    <h4 style=\"color:#007DBB;\">Audiometr\u00eda tonal<\/h4>\n                    <p>Examen para determinar el grado de audici\u00f3n y detectar p\u00e9rdidas auditivas.<\/p>\n                <\/div>\n            <\/div>\n            <div class=\"col-md-4\">\n                <div class=\"diagnostic-item p-4\" style=\"background-color: #e5f8ff; border-left: 5px solid #40C0F0;\">\n                    <h4 style=\"color:#007DBB;\">Logoaudiometr\u00eda<\/h4>\n                    <p>Prueba verbal para evaluar la funcionalidad del sistema auditivo con el uso de palabras.<\/p>\n                <\/div>\n            <\/div>\n            <div class=\"col-md-4\">\n                <div class=\"diagnostic-item p-4\" style=\"background-color: #e5f8ff; border-left: 5px solid #40C0F0;\">\n                    <h4 style=\"color:#007DBB;\">Inmitancia ac\u00fastica<\/h4>\n                    <p>Mide la presi\u00f3n del o\u00eddo medio, integridad de la membrana timp\u00e1nica y la cadena osicular.<\/p>\n                <\/div>\n            <\/div>\n        <\/div>\n    <\/div>\n<\/div>\n\n<!-- Estilos en l\u00ednea -->\n<style>\n    .otorrino-section {\n        background-color: #f4f4f4;\n        padding: 40px 0;\n    }\n    .section-title {\n        font-size: 36px;\n        margin-bottom: 30px;\n    }\n    .doctor-info {\n        display: flex;\n        align-items: center;\n    }\n    .list-group-item {\n        font-size: 16px;\n        margin-bottom: 10px;\n        color: #333;\n    }\n    .diagnostic-item h4 {\n        font-size: 20px;\n        margin-bottom: 10px;\n    }\n<\/style>\n\n","protected":false},"excerpt":{"rendered":"<p>Otorrinolaringolog\u00eda Dr. Javier Giovanny Jim\u00e9nez &#x1f468;&#x200d;&#x2695;&#xfe0f; Especialista en Otorrinolaringolog\u00eda graduado de la Pontificia Universidad Javeriana, con entrenamiento adicional en Estados Unidos. Se dedica a prevenir,&hellip;<\/p>\n","protected":false},"author":1,"featured_media":0,"parent":0,"menu_order":0,"comment_status":"closed","ping_status":"closed","template":"","meta":{"_eb_attr":"","_uag_custom_page_level_css":"","footnotes":""},"class_list":["post-1728","page","type-page","status-publish","hentry"],"uagb_featured_image_src":{"full":false,"thumbnail":false,"medium":false,"medium_large":false,"large":false,"1536x1536":false,"2048x2048":false},"uagb_author_info":{"display_name":"AdminSanDiego","author_link":"https:\/\/clinicasandiegocucuta.com\/SanDiego\/author\/adminsandiego\/"},"uagb_comment_info":0,"uagb_excerpt":"Otorrinolaringolog\u00eda Dr. Javier Giovanny Jim\u00e9nez &#x1f468;&#x200d;&#x2695;&#xfe0f; Especialista en Otorrinolaringolog\u00eda graduado de la Pontificia Universidad Javeriana, con entrenamiento adicional en Estados Unidos. Se dedica a prevenir,&hellip;","_links":{"self":[{"href":"https:\/\/clinicasandiegocucuta.com\/SanDiego\/wp-json\/wp\/v2\/pages\/1728","targetHints":{"allow":["GET"]}}],"collection":[{"href":"https:\/\/clinicasandiegocucuta.com\/SanDiego\/wp-json\/wp\/v2\/pages"}],"about":[{"href":"https:\/\/clinicasandiegocucuta.com\/SanDiego\/wp-json\/wp\/v2\/types\/page"}],"author":[{"embeddable":true,"href":"https:\/\/clinicasandiegocucuta.com\/SanDiego\/wp-json\/wp\/v2\/users\/1"}],"replies":[{"embeddable":true,"href":"https:\/\/clinicasandiegocucuta.com\/SanDiego\/wp-json\/wp\/v2\/comments?post=1728"}],"version-history":[{"count":3,"href":"https:\/\/clinicasandiegocucuta.com\/SanDiego\/wp-json\/wp\/v2\/pages\/1728\/revisions"}],"predecessor-version":[{"id":1742,"href":"https:\/\/clinicasandiegocucuta.com\/SanDiego\/wp-json\/wp\/v2\/pages\/1728\/revisions\/1742"}],"wp:attachment":[{"href":"https:\/\/clinicasandiegocucuta.com\/SanDiego\/wp-json\/wp\/v2\/media?parent=1728"}],"curies":[{"name":"wp","href":"https:\/\/api.w.org\/{rel}","templated":true}]}}